{"id":11,"date":"2016-12-18T10:54:46","date_gmt":"2016-12-18T10:54:46","guid":{"rendered":"http:\/\/91.121.177.27\/?page_id=11"},"modified":"2026-04-20T22:59:14","modified_gmt":"2026-04-20T20:59:14","slug":"talleres","status":"publish","type":"page","link":"https:\/\/www.lutoencolores.org\/index.php\/talleres\/","title":{"rendered":"Talleres y actividades"},"content":{"rendered":"\n<ul class=\"wp-block-social-links is-layout-flex wp-block-social-links-is-layout-flex\"><li class=\"wp-social-link wp-social-link-instagram  wp-block-social-link\"><a href=\"https:\/\/www.instagram.com\/lutoencolores\/\" class=\"wp-block-social-link-anchor\"><svg width=\"24\" height=\"24\" viewBox=\"0 0 24 24\" version=\"1.1\" xmlns=\"http:\/\/www.w3.org\/2000\/svg\" aria-hidden=\"true\" focusable=\"false\"><path d=\"M12,4.622c2.403,0,2.688,0.009,3.637,0.052c0.877,0.04,1.354,0.187,1.671,0.31c0.42,0.163,0.72,0.358,1.035,0.673 c0.315,0.315,0.51,0.615,0.673,1.035c0.123,0.317,0.27,0.794,0.31,1.671c0.043,0.949,0.052,1.234,0.052,3.637 s-0.009,2.688-0.052,3.637c-0.04,0.877-0.187,1.354-0.31,1.671c-0.163,0.42-0.358,0.72-0.673,1.035 c-0.315,0.315-0.615,0.51-1.035,0.673c-0.317,0.123-0.794,0.27-1.671,0.31c-0.949,0.043-1.233,0.052-3.637,0.052 s-2.688-0.009-3.637-0.052c-0.877-0.04-1.354-0.187-1.671-0.31c-0.42-0.163-0.72-0.358-1.035-0.673 c-0.315-0.315-0.51-0.615-0.673-1.035c-0.123-0.317-0.27-0.794-0.31-1.671C4.631,14.688,4.622,14.403,4.622,12 s0.009-2.688,0.052-3.637c0.04-0.877,0.187-1.354,0.31-1.671c0.163-0.42,0.358-0.72,0.673-1.035 c0.315-0.315,0.615-0.51,1.035-0.673c0.317-0.123,0.794-0.27,1.671-0.31C9.312,4.631,9.597,4.622,12,4.622 M12,3 C9.556,3,9.249,3.01,8.289,3.054C7.331,3.098,6.677,3.25,6.105,3.472C5.513,3.702,5.011,4.01,4.511,4.511 c-0.5,0.5-0.808,1.002-1.038,1.594C3.25,6.677,3.098,7.331,3.054,8.289C3.01,9.249,3,9.556,3,12c0,2.444,0.01,2.751,0.054,3.711 c0.044,0.958,0.196,1.612,0.418,2.185c0.23,0.592,0.538,1.094,1.038,1.594c0.5,0.5,1.002,0.808,1.594,1.038 c0.572,0.222,1.227,0.375,2.185,0.418C9.249,20.99,9.556,21,12,21s2.751-0.01,3.711-0.054c0.958-0.044,1.612-0.196,2.185-0.418 c0.592-0.23,1.094-0.538,1.594-1.038c0.5-0.5,0.808-1.002,1.038-1.594c0.222-0.572,0.375-1.227,0.418-2.185 C20.99,14.751,21,14.444,21,12s-0.01-2.751-0.054-3.711c-0.044-0.958-0.196-1.612-0.418-2.185c-0.23-0.592-0.538-1.094-1.038-1.594 c-0.5-0.5-1.002-0.808-1.594-1.038c-0.572-0.222-1.227-0.375-2.185-0.418C14.751,3.01,14.444,3,12,3L12,3z M12,7.378 c-2.552,0-4.622,2.069-4.622,4.622S9.448,16.622,12,16.622s4.622-2.069,4.622-4.622S14.552,7.378,12,7.378z M12,15 c-1.657,0-3-1.343-3-3s1.343-3,3-3s3,1.343,3,3S13.657,15,12,15z M16.804,6.116c-0.596,0-1.08,0.484-1.08,1.08 s0.484,1.08,1.08,1.08c0.596,0,1.08-0.484,1.08-1.08S17.401,6.116,16.804,6.116z\"><\/path><\/svg><span class=\"wp-block-social-link-label screen-reader-text\">Instagram<\/span><\/a><\/li>\n\n<li class=\"wp-social-link wp-social-link-facebook  wp-block-social-link\"><a href=\"https:\/\/www.facebook.com\/lutoencolores\" class=\"wp-block-social-link-anchor\"><svg width=\"24\" height=\"24\" viewBox=\"0 0 24 24\" version=\"1.1\" xmlns=\"http:\/\/www.w3.org\/2000\/svg\" aria-hidden=\"true\" focusable=\"false\"><path d=\"M12 2C6.5 2 2 6.5 2 12c0 5 3.7 9.1 8.4 9.9v-7H7.9V12h2.5V9.8c0-2.5 1.5-3.9 3.8-3.9 1.1 0 2.2.2 2.2.2v2.5h-1.3c-1.2 0-1.6.8-1.6 1.6V12h2.8l-.4 2.9h-2.3v7C18.3 21.1 22 17 22 12c0-5.5-4.5-10-10-10z\"><\/path><\/svg><span class=\"wp-block-social-link-label screen-reader-text\">Facebook<\/span><\/a><\/li>\n\n<li class=\"wp-social-link wp-social-link-twitter  wp-block-social-link\"><a href=\"https:\/\/x.com\/lutoencolores\" class=\"wp-block-social-link-anchor\"><svg width=\"24\" height=\"24\" viewBox=\"0 0 24 24\" version=\"1.1\" xmlns=\"http:\/\/www.w3.org\/2000\/svg\" aria-hidden=\"true\" focusable=\"false\"><path d=\"M22.23,5.924c-0.736,0.326-1.527,0.547-2.357,0.646c0.847-0.508,1.498-1.312,1.804-2.27 c-0.793,0.47-1.671,0.812-2.606,0.996C18.324,4.498,17.257,4,16.077,4c-2.266,0-4.103,1.837-4.103,4.103 c0,0.322,0.036,0.635,0.106,0.935C8.67,8.867,5.647,7.234,3.623,4.751C3.27,5.357,3.067,6.062,3.067,6.814 c0,1.424,0.724,2.679,1.825,3.415c-0.673-0.021-1.305-0.206-1.859-0.513c0,0.017,0,0.034,0,0.052c0,1.988,1.414,3.647,3.292,4.023 c-0.344,0.094-0.707,0.144-1.081,0.144c-0.264,0-0.521-0.026-0.772-0.074c0.522,1.63,2.038,2.816,3.833,2.85 c-1.404,1.1-3.174,1.756-5.096,1.756c-0.331,0-0.658-0.019-0.979-0.057c1.816,1.164,3.973,1.843,6.29,1.843 c7.547,0,11.675-6.252,11.675-11.675c0-0.178-0.004-0.355-0.012-0.531C20.985,7.47,21.68,6.747,22.23,5.924z\"><\/path><\/svg><span class=\"wp-block-social-link-label screen-reader-text\">Twitter<\/span><\/a><\/li><\/ul>\n\n\n<p><iframe loading=\"lazy\" title=\"Luto en Colores. Muerte, duelo, vida. Charlas, talleres, libro...\" width=\"660\" height=\"371\" src=\"https:\/\/www.youtube.com\/embed\/TmKxuHIOpBI?feature=oembed\" frameborder=\"0\" allow=\"accelerometer; autoplay; clipboard-write; encrypted-media; gyroscope; picture-in-picture; web-share\" referrerpolicy=\"strict-origin-when-cross-origin\" allowfullscreen><\/iframe><\/p>\n<p>&nbsp;<\/p>\n<p style=\"text-align: left;\"><span style=\"color: #000000;\"><strong><span class=\"_5mfr\"><span class=\"_6qdm\"><span style=\"color: #008000;\">PR\u00d3XIMOS\u00a0<\/span><\/span><\/span><span style=\"color: #008000;\">TALLERES Y ACTIVIDADES:<\/span><\/strong><\/span><\/p>\n<p style=\"text-align: left;\">\u2013 SAN MART\u00cdN DE LA VEGA (Madrid) <span style=\"color: #008000;\">Charla-merienda<\/span> <span style=\"color: #008000;\">&#8216;Gesti\u00f3n emocional y prevenci\u00f3n del suicidio&#8217;. <\/span>Jueves 19 febrero (17:00). Biblioteca Municipal Dos de Mayo. Organizan: Mancomunidad de Servicios Sociales Las Vegas y Luto en Colores.<br \/><b>\u2013\u00a0Taller ONLINE\u00a0<span style=\"color: #008000;\">&#8216;Vivir un duelo sano&#8217;<\/span><\/b> (dirigido a personas que han perdido a un ser querido, todo tipo de duelos). <strong>Lunes 27 abril, 4, 11 y 18 mayo<br \/><span style=\"font-size: revert;\"><span style=\"color: #000000;\"><b>\u2013 LUGO. Talleres Formaci\u00f3n Para Profesorado. <span style=\"color: #008000;\">Taller Luto en Colores sobre Duelo y Taller \u00a1Con\u00e9ctate a la Vida! <\/span><\/b><\/span><\/span><\/strong><span style=\"font-size: revert;\"><span style=\"color: #000000;\">Organiza: CFR de Lugo.\u00a0<\/span><\/span><strong><br \/><\/strong><b><\/b><b><\/b><b>\u2013 ONLINE Taller <span style=\"color: #008000;\">&#8216;Formaci\u00f3n Luto en Colores: Muerte-Duelo-Vida&#8217;<\/span>.\u00a0<\/b>Dirigido a personas que quieren acompa\u00f1ar a otras en sus procesos de duelo. <strong>Lunes<\/strong><strong> 16, 23, 30 marzo y 6 abril <\/strong>M\u00e1s informaci\u00f3n: +34 699 058 626 \/ lutoencolores@gmail.com<span style=\"color: #000000;\"><strong><span style=\"color: #008000;\"><span style=\"color: #000000; caret-color: #000000;\"><span style=\"caret-color: #000000; font-weight: 600;\"><span style=\"caret-color: #000000;\"><br \/><b>\u2013\u00a0ONLINE\u00a0<span style=\"color: #008000;\">Taller &#8216;La Transformaci\u00f3n de la Culpa&#8217;. <\/span><\/b><\/span><\/span><\/span><\/span><\/strong><\/span>Dirigido a personas que han perdido a un ser querido por suicidio. <b>11, 18, 25 marzo y 1 abril<\/b><span style=\"color: #000000;\"><br \/><span style=\"caret-color: #000000; font-weight: 600;\"><strong><b>\u2013 <\/b><\/strong><\/span><span style=\"caret-color: #000000; font-weight: 600;\"><strong><b>Taller ONLINE <span style=\"color: #008000;\">&#8216;Del Miedo al Amor. Del Ego a la Esencia: Miedo-Culpa-Estr\u00e9s-Amor&#8217;. <\/span><\/b><\/strong><\/span>Dirigido a personas que quieran ponerle consciencia a los estados emocionales que generan sufrimiento para transformarlos y vivir con m\u00e1s armon\u00eda interna. (No es un Taller espec\u00edfico de duelo, es un taller para todo tipo de personas) <b>Martes<\/b><b> 10, 17, 24 y 31 marzo<\/b><strong><b><br \/><\/b><\/strong><\/span><b><\/b><span style=\"color: #000000;\"><span style=\"color: #008000;\"><span style=\"color: #000000;\"><strong><span style=\"color: #000000; caret-color: #000000;\"><span style=\"caret-color: #000000; font-weight: 600;\"><span style=\"caret-color: #000000;\"><b><strong style=\"color: #000000;\"><strong style=\"color: #003300;\">\u2013 ONLINE <\/strong><\/strong><span style=\"color: #008000;\">Taller\u00a0&#8216;Abrazar la muerte para abrazar la vida&#8217;.<\/span><\/b><\/span><\/span><\/span><\/strong><\/span><\/span> \u00bfTienes miedo a la muerte? (Dirigido a personas que quieran abordar e Integrar la muerte para vivir de forma m\u00e1s plena). 10 y 17 marzo\u00a0<\/span><span style=\"color: #000000;\"><span style=\"color: #008000;\"><span style=\"color: #000000;\"><strong><span style=\"color: #000000; caret-color: #000000;\"><span style=\"caret-color: #000000; font-weight: 600;\"><span style=\"caret-color: #000000;\"><b><br \/><strong style=\"color: #003300;\"><strong style=\"color: #000000;\">\u2013 ONLINE\u00a0<span style=\"color: #008000;\">Taller &#8216;La Liberaci\u00f3n del Duelo&#8217;<\/span>. \u00a0<\/strong><\/strong><\/b><\/span><\/span><\/span><\/strong><\/span><\/span>\u00bfSientes que ha pasado el tiempo y a\u00fan queda algo por sanar y liberar en tu duelo? (Dirigido a personas que han perdido a un ser querido).<strong><b> 9, 16, 23 y 30 marzo<\/b><\/strong><br \/><strong>\u2013 <\/strong><strong>Taller online<\/strong><span style=\"color: #008000;\"><strong> \u00a1Con\u00e9ctate a la Vida! <\/strong><\/span>Dirigido a personas con sentimientos de desconexi\u00f3n a la vida.<br \/>*Para personas adultas: 19 marzo\u00a0<br \/>*Para adolescentes: 26 marzo<\/span><br \/><strong>\u2013 <\/strong><strong>Taller online <\/strong><strong><span style=\"color: #008000;\">\u00a1Con\u00e9ctate a la Vida! para Familias.<\/span> <\/strong>Dirigido a familiares de personas con sentimientos de desconexi\u00f3n a la vida. <b>S\u00e1bado<\/b> 21<strong>\u00a0febrero (11:00<\/strong>&#8211;<strong>14:00)<\/strong><br \/><strong>\u2013 ONLINE <\/strong><strong>Taller <span style=\"color: #008000;\">&#8216;Rec<\/span><\/strong><span style=\"color: #008000;\"><strong>onecta con la Esencia que eres&#8217;. <\/strong><span style=\"color: #000000;\">(No es un Taller espec\u00edfico de duelo, es un taller para todo tipo de personas)<\/span><\/span> <strong>Viernes 27 febrero<\/strong>(16:00-19:oo)<br \/><strong><b>\u2013 ONLINE <span style=\"color: #008000;\">Taller &#8216;La Energ\u00eda de la Muerte y la Vida en tu \u00c1rbol Familiar&#8217;.<\/span> 2, 9 y 16 marzo <\/b><\/strong>M\u00e1s informaci\u00f3n: +34 699 058 626 \/ lutoencolores@gmail.com<br \/><b><strong>\u2013 MADRID. S\u00e1bado 28 febrero. <\/strong><\/b>Tendremos dos talleres:<b><strong><br \/><span style=\"color: #008000;\">Taller Luto en Colores para personas en duelo<\/span><\/strong><\/b><b><strong>\u00a0<\/strong><\/b>(dirigido a personas que han perdido a un ser querido, todo tipo de duelos). <b>11:00-14:00<br \/><\/b><span style=\"color: #008000;\"><strong>Taller Con\u00e9ctate a la Vida para Familias<\/strong> <\/span>(dirigido a familiares de personas con ideas y sentimientos de desconexi\u00f3n a la vida) <strong>16:00-19:00<br \/><\/strong>M\u00e1s informaci\u00f3n: +34 699 058 626 \/ lutoencolores@gmail.com<strong><br \/><b>\u2013 MADRID. S\u00e1bado 28 de marzo.<br \/><span style=\"color: #008000;\">Taller La Transformaci\u00f3n de la Culpa. <\/span><\/b><\/strong>(Dirigido a personas que han perdido a un ser querido por suicidio). 10:30-18:30<\/p>\n<p><span style=\"color: #000000;\">\u2013\u00a0<span style=\"color: #008000;\"><strong>TALLER \u00a1CON\u00c9CTATE A LA VIDA! <\/strong><\/span>&#8211; Prevenci\u00f3n del suicidio- Opci\u00f3n presencial y tambi\u00e9n online. Dirigido a personas con sentimientos de desconexi\u00f3n a la vida. Formato para adolescentes, formato para adultos y formato para familiares. <em>M\u00e1s informaci\u00f3n:<\/em>+34 699 058 626 \/ lutoencolores@gmail.com<\/span><!--more--><\/p>\n<p style=\"text-align: left;\"><span style=\"color: #0000ff;\"><span style=\"color: #000000;\"><strong><span class=\"_5mfr\"><span class=\"_6qdm\">\u2666\u00a0<\/span><\/span>(<a style=\"color: #0000ff;\" href=\"http:\/\/lutoencolores.org\/\" target=\"_blank\" rel=\"noopener\">M\u00e1s actividades<\/a>)<br \/><\/strong><\/span><\/span><strong><span class=\"_5mfr\"><span class=\"_6qdm\">\u2666<span style=\"color: #000000;\">\u00a0<\/span><\/span><\/span><\/strong><em><span style=\"color: #008000;\"><span style=\"color: #000000;\"><span class=\"_5mfr\"><span class=\"_6qdm\">P<\/span><\/span>osibilidad de otras fechas y horarios para los talleres online<br \/><strong><span class=\"_5mfr\"><span class=\"_6qdm\">\u2666 <\/span><\/span><\/strong><span class=\"_5mfr\"><span class=\"_6qdm\">Los talleres se pueden hacer tambi\u00e9n de forma individual o adaptados a una familia<\/span><\/span><br \/><\/span><\/span><\/em><span style=\"color: #008000;\"><span style=\"color: #000000;\"><strong style=\"color: #000000;\"><strong><span class=\"_5mfr\"><span class=\"_6qdm\">\u2666\u00a0<\/span><\/span><\/strong><\/strong>Regala un Taller Luto en Colores a un ser querido\u00a0<strong style=\"color: #000000;\">\u2661<\/strong><\/span><\/span><\/p>\n<p><span style=\"color: #008000;\"><strong>TALLERES LUTO EN COLORES<\/strong><\/span><br \/><em><strong>Si tienes inter\u00e9s en organizar una charla-encuentro, taller o actividad puedes contactarnos aqu\u00ed:<br \/><\/strong><\/em><em><span style=\"color: #008000;\"><strong>lutoencolores@gmail.com\u00a0\u00a0\/ \u00a0+34\u00a0699 05 86 26<\/strong><\/span><br \/><\/em>Gracias por ayudarnos a colorear la muerte y la vida.<\/p>\n<p><img loading=\"lazy\" decoding=\"async\" class=\"alignleft wp-image-87\" src=\"https:\/\/lutoencolores.org\/wp-content\/uploads\/2017\/03\/MandalaLuto.png\" alt=\"\" width=\"174\" height=\"170\" \/><\/p>\n<p><strong><span style=\"color: #008000;\">TALLER &#8216;LA TRANSFORMACI\u00d3N DE LA CULPA&#8217;.<\/span> (Dirigido a personas que han perdido a un ser querido por suicidio).\u00a0<\/strong>La culpa es la emoci\u00f3n que m\u00e1s castiga y estanca a quienes se quedan. Abordamos las emociones, ideas y pensamientos que nos atan al sufrimiento para poder transformarlo, compartir y aligerar un poco la carga tan pesada que llevamos en el coraz\u00f3n. Recolocar la ausencia en nuestras vidas para convertirla en una presencia llena de amor que nos impulse en el camino.<\/p>\n<p><strong><span style=\"color: #008000;\"><img loading=\"lazy\" decoding=\"async\" class=\"alignleft wp-image-1997\" src=\"https:\/\/lutoencolores.org\/wp-content\/uploads\/2021\/10\/Captura-de-pantalla-2021-10-25-a-las-23.15.06.png\" alt=\"\" width=\"295\" height=\"148\" srcset=\"https:\/\/www.lutoencolores.org\/wp-content\/uploads\/2021\/10\/Captura-de-pantalla-2021-10-25-a-las-23.15.06.png 623w, https:\/\/www.lutoencolores.org\/wp-content\/uploads\/2021\/10\/Captura-de-pantalla-2021-10-25-a-las-23.15.06-300x150.png 300w\" sizes=\"(max-width: 295px) 100vw, 295px\" \/>TALLER &#8216;Vivir un duelo sano&#8217;.<br \/><\/span><\/strong><span style=\"color: #008000;\"><span style=\"color: #000000;\">(Dirigido a personas que han perdido a un ser querido, todo tipo de duelos). \u00abConfianza, paciencia, esperanza, si est\u00e1s caminando tu duelo. El dolor que sientes hoy no va a ser siempre igual, es posible vivir un duelo sano, confiando en nuestras capacidades y recursos para integrar el cambio que nos trae la muerte y sostenernos en esta vivencia de la mejor forma posible\u00bb.<\/span><\/span><\/p>\n<p><strong><span style=\"color: #008000;\"><img loading=\"lazy\" decoding=\"async\" class=\"alignleft wp-image-2779\" src=\"https:\/\/www.lutoencolores.org\/wp-content\/uploads\/2023\/01\/Liberacion-IG.png\" alt=\"\" width=\"258\" height=\"240\" srcset=\"https:\/\/www.lutoencolores.org\/wp-content\/uploads\/2023\/01\/Liberacion-IG.png 632w, https:\/\/www.lutoencolores.org\/wp-content\/uploads\/2023\/01\/Liberacion-IG-300x280.png 300w\" sizes=\"(max-width: 258px) 100vw, 258px\" \/><br \/>TALLER &#8216;La Liberaci\u00f3n del Duelo&#8217;. <\/span><\/strong><span style=\"color: #008000;\"><span style=\"color: #000000;\">\u00bfSientes que ha pasado el tiempo y a\u00fan queda algo por sanar y liberar en tu duelo?\u00a0<\/span><\/span>\u00abPoner luz para aliviar el peso de aquello que nos puede estancar. Aceptar para soltar. Liberar para vivir. Comprender para crecer\u00bb.<\/p>\n<p><span style=\"color: #008000;\"><strong><img loading=\"lazy\" decoding=\"async\" class=\"alignleft wp-image-1921\" src=\"https:\/\/lutoencolores.org\/wp-content\/uploads\/2021\/08\/Taller-Abrazar-Generico.png\" alt=\"\" width=\"364\" height=\"231\" srcset=\"https:\/\/www.lutoencolores.org\/wp-content\/uploads\/2021\/08\/Taller-Abrazar-Generico.png 875w, https:\/\/www.lutoencolores.org\/wp-content\/uploads\/2021\/08\/Taller-Abrazar-Generico-300x191.png 300w, https:\/\/www.lutoencolores.org\/wp-content\/uploads\/2021\/08\/Taller-Abrazar-Generico-768x489.png 768w\" sizes=\"(max-width: 364px) 100vw, 364px\" \/><\/strong><\/span><\/p>\n<p><span style=\"color: #008000;\"><strong>ABRAZAR LA MUERTE PARA ABRAZAR LA VIDA.<\/strong><\/span> <span style=\"color: #000000;\"><strong>\u00bfTienes miedo a la muerte?<\/strong> En este taller abordamos el miedo a la muerte, las emociones y desaf\u00edos que nos produce, para integrarla, aceptarla, comprenderla e incorporar las ense\u00f1anzas que la consciencia de la muerte puede traer a nuestra vida permitiendo resignificarla y saborear cada momento presente.<\/span><\/p>\n<p><img loading=\"lazy\" decoding=\"async\" class=\"alignleft wp-image-1787\" src=\"https:\/\/lutoencolores.org\/wp-content\/uploads\/2021\/03\/Formacion.png\" alt=\"\" width=\"321\" height=\"189\" srcset=\"https:\/\/www.lutoencolores.org\/wp-content\/uploads\/2021\/03\/Formacion.png 945w, https:\/\/www.lutoencolores.org\/wp-content\/uploads\/2021\/03\/Formacion-300x177.png 300w, https:\/\/www.lutoencolores.org\/wp-content\/uploads\/2021\/03\/Formacion-768x453.png 768w\" sizes=\"(max-width: 321px) 100vw, 321px\" \/><\/p>\n<p><span style=\"color: #008000;\"><strong>TALLER FORMACI\u00d3N Luto en Colores: Muerte-Duelo-Vida.<\/strong> <\/span><span style=\"color: #000000;\">Taller online dirigido a\u00a0personas que quieran adquirir herramientas\u00a0que les ayuden a acompa\u00f1ar a quienes atraviesan procesos de duelo.<\/span><\/p>\n<p><img loading=\"lazy\" decoding=\"async\" class=\"alignleft wp-image-1996\" src=\"https:\/\/lutoencolores.org\/wp-content\/uploads\/2021\/10\/ConectateVida.png\" alt=\"\" width=\"335\" height=\"223\" srcset=\"https:\/\/www.lutoencolores.org\/wp-content\/uploads\/2021\/10\/ConectateVida.png 868w, https:\/\/www.lutoencolores.org\/wp-content\/uploads\/2021\/10\/ConectateVida-300x200.png 300w, https:\/\/www.lutoencolores.org\/wp-content\/uploads\/2021\/10\/ConectateVida-768x512.png 768w\" sizes=\"(max-width: 335px) 100vw, 335px\" \/><\/p>\n<p>&nbsp;<\/p>\n<p><strong><span style=\"color: #008000;\"><br \/>TALLER \u00a1CON\u00c9CTATE A LA VIDA!<\/span><\/strong> &#8211; Prevenci\u00f3n del suicidio- <span style=\"color: #000000;\">Opci\u00f3n presencial y tambi\u00e9n online. Formato dirigido a personas con sentimientos de desconexi\u00f3n a la vida. Formato para adolescentes, formato para adultos y formato para familiares.<\/span><\/p>\n<p><span style=\"color: #000000;\"><span style=\"color: #000000; caret-color: #000000;\"><span style=\"color: #008000;\"><span style=\"caret-color: #000000; font-weight: 600;\"><strong><span style=\"caret-color: #000000;\"><b><strong style=\"color: #000000;\"><img loading=\"lazy\" decoding=\"async\" class=\"alignleft  wp-image-2780\" src=\"https:\/\/www.lutoencolores.org\/wp-content\/uploads\/2023\/01\/Taller-EgoEsencia-IG.png\" alt=\"\" width=\"293\" height=\"263\" srcset=\"https:\/\/www.lutoencolores.org\/wp-content\/uploads\/2023\/01\/Taller-EgoEsencia-IG.png 689w, https:\/\/www.lutoencolores.org\/wp-content\/uploads\/2023\/01\/Taller-EgoEsencia-IG-300x270.png 300w\" sizes=\"(max-width: 293px) 100vw, 293px\" \/><\/strong><\/b><\/span><\/strong><\/span><\/span><\/span><\/span><\/p>\n<p><strong><span style=\"color: #008000;\">Taller ONLINE\u00a0&#8216;Del Ego a la Esencia: Miedo-Culpa-Estr\u00e9s-Amor&#8217;.\u00a0<\/span><\/strong>Dirigido a personas que quieran ponerle consciencia a los estados emocionales que generan sufrimiento para transformarlos y vivir con m\u00e1s armon\u00eda interna.\u00a0(Taller para todo tipo de personas, est\u00e9n o no en duelo)<\/p>\n<p><img loading=\"lazy\" decoding=\"async\" class=\"wp-image-3540 alignleft\" src=\"https:\/\/www.lutoencolores.org\/wp-content\/uploads\/2023\/12\/ReconectaEsencia.png\" alt=\"\" width=\"325\" height=\"325\" srcset=\"https:\/\/www.lutoencolores.org\/wp-content\/uploads\/2023\/12\/ReconectaEsencia.png 640w, https:\/\/www.lutoencolores.org\/wp-content\/uploads\/2023\/12\/ReconectaEsencia-300x300.png 300w, https:\/\/www.lutoencolores.org\/wp-content\/uploads\/2023\/12\/ReconectaEsencia-150x150.png 150w\" sizes=\"(max-width: 325px) 100vw, 325px\" \/><\/p>\n<p>&nbsp;<\/p>\n<p>&nbsp;<\/p>\n<p>&nbsp;<\/p>\n<p>&nbsp;<\/p>\n<p>&nbsp;<\/p>\n<p>&nbsp;<\/p>\n<p>&nbsp;<\/p>\n<p>&nbsp;<\/p>\n<p>&nbsp;<\/p>\n<p>&nbsp;<\/p>\n<p>&nbsp;<\/p>\n<p><strong><span style=\"color: #008000;\"><br \/><img loading=\"lazy\" decoding=\"async\" class=\" wp-image-67 alignleft\" src=\"https:\/\/www.lutoencolores.org\/wp-content\/uploads\/2017\/03\/Captura-de-pantalla-2017-03-23-a-las-19.52.36.png\" alt=\"\" width=\"251\" height=\"205\" \/>TALLER DE MANDALAS. <\/span><\/strong>(Para todo tipo de duelos)\u00a0Tradicionalmente, en diversas\u00a0culturas, el mandala ha sido usado como herramienta de meditaci\u00f3n, sanaci\u00f3n y armon\u00eda. Pintar mandalas facilita expresar sentimientos, centrar la atenci\u00f3n y conectar con la experiencia interna para poder transformarla.\u00a0Aprendemos a crear un mandala (dedicado a sanar nuestro dolor o dedicado a la persona que ha muerto, por ejemplo). <em>Con Luc\u00eda Ortega (artesana y creadora de\u00a0Mandalas).<\/em><\/p>\n<p><strong><img loading=\"lazy\" decoding=\"async\" class=\"alignleft wp-image-100\" src=\"https:\/\/lutoencolores.org\/wp-content\/uploads\/2017\/03\/Captura-de-pantalla-2017-03-24-a-las-19.33.49.png\" alt=\"\" width=\"169\" height=\"219\" \/>CREANDO UNA CANCI\u00d3N. <\/strong>(Todo tipo de duelos)<strong>\u00a0<\/strong>La m\u00fasica es sanadora y en este taller construimos una canci\u00f3n en grupo hilando ideas, versos y emociones de forma colectiva a trav\u00e9s del proceso creativo musical. Ponemos en com\u00fan los sentimientos que nos ha dejado la p\u00e9rdida para crear belleza desde el dolor. <i>Con Rafa S\u00e1nchez (cantautor y\u00a0creador de Fabricanciones)<\/i><br \/><em><strong>\u00a0<\/strong><\/em><strong>Escucha la canci\u00f3n<\/strong><a href=\"https:\/\/www.youtube.com\/watch?v=6G8ovMV2Qp4\" target=\"_blank\" rel=\"noopener noreferrer\"><em><strong> &#8216;Coloreas mis d\u00edas&#8217;<\/strong><\/em><\/a><\/p>\n<p>&nbsp;<\/p>\n<p>&nbsp;<\/p>\n<p><strong><img loading=\"lazy\" decoding=\"async\" class=\"alignleft wp-image-223\" src=\"https:\/\/lutoencolores.org\/wp-content\/uploads\/2016\/12\/montezuma-yoga-blog-yoganidra.png\" alt=\"\" width=\"251\" height=\"136\" \/><br \/>YOGA NIDRA PARA EL DUELO\u00a0Y LA P\u00c9RDIDA.\u00a0<\/strong>El duelo es una respuesta natural de nuestro coraz\u00f3n que nos permite sentir y vivenciar el dolor de una p\u00e9rdida de un ser querido. Se necesita valor para llorar esa perdida y honrar la pena que llevamos con nosotros. S\u00f3lo cuando respetamos nuestras lagrimas nuestros corazones pueden reconocer, aprender y crecer con el dolor.\u00a0Yoga Nidra es uno de los m\u00e9todos m\u00e1s efectivos para llegar al silencio interior, ese lugar c\u00e1lido donde poder refugiarnos, descansar y poder habitarnos desde lo esencialmente interno. Es una invitaci\u00f3n a dejarse llevar, a indagar en la propia psique, a desdramatizar y ayudarnos a equilibrarnos y adaptarnos emocional y fisiol\u00f3gicamente durante nuestro duelo.\u00a0Se da en un espacio de silencio y calma con el cuerpo tumbado c\u00f3modamente y dej\u00e1ndote llevar por la voz que te gu\u00eda. <em>Con\u00a0Lourdes Pardueles Lahari (Profesora de Yoga)<\/em><\/p>\n<p><strong><img loading=\"lazy\" decoding=\"async\" class=\"alignleft wp-image-145\" src=\"https:\/\/lutoencolores.org\/wp-content\/uploads\/2016\/12\/Captura-de-pantalla-2017-03-27-a-las-21.14.14.png\" alt=\"\" width=\"130\" height=\"151\" \/>DUELO GESTACIONAL Y PERINATAL.\u00a0<\/strong>\u00abCuando decides iniciar la b\u00fasqueda para ser madre o padre, el embarazo y\/o el parto son sin\u00f3nimos de expectativas, ilusiones y proyectos futuros que se truncan con la muerte gestacional o perinatal. Estos duelos tienen unas caracter\u00edsticas espec\u00edficas que difieren de otros tipos de p\u00e9rdida. Se les llaman &#8216;duelos desautorizados&#8217; porque muchas veces son ignorados, silenciados, minimizados o incomprendidos. Desde Luto en Colores queremos acompa\u00f1ar esos <em>brazos vac\u00edos,<\/em> esa maternidad o paternidad en duelo desde los GAP (Grupo de Apoyo a la P\u00e9rdida) como espacio de cuidado y escucha desde qui\u00e9nes hemos vivido lo mismo\u00bb. <em>Con\u00a0Eva de la Pe\u00f1a Palacios (psic\u00f3loga y mam\u00e1 de Sira)<\/em><\/p>\n<p><strong><br \/>Otras actividades:<\/strong><\/p>\n<ul>\n<li>&#8211; &#8216;Espacio Luto en Colores para profesorado: Acoger la muerte y el duelo en el aula es abrazar la vida&#8217;.<\/li>\n<li>&#8211; Espacios de duelo<\/li>\n<li>&#8211; Espacios para hablar de la muerte de forma distendida<\/li>\n<li>&#8211; Charlas, encuentros, presentaciones<\/li>\n<li>&#8211; Formaci\u00f3n<\/li>\n<li>&#8211; Actividades para colegios e institutos<\/li>\n<\/ul>\n<p><em><strong>M\u00e1s informaci\u00f3n:<\/strong><br \/><\/em><strong>lutoencolores@gmail.com \/ + 34 699 058 626<br \/><\/strong><img loading=\"lazy\" decoding=\"async\" class=\"alignleft wp-image-1678\" src=\"https:\/\/lutoencolores.org\/wp-content\/uploads\/2020\/12\/Formacion-Profesorado.png\" alt=\"\" width=\"523\" height=\"307\" srcset=\"https:\/\/www.lutoencolores.org\/wp-content\/uploads\/2020\/12\/Formacion-Profesorado.png 892w, https:\/\/www.lutoencolores.org\/wp-content\/uploads\/2020\/12\/Formacion-Profesorado-300x177.png 300w, https:\/\/www.lutoencolores.org\/wp-content\/uploads\/2020\/12\/Formacion-Profesorado-768x452.png 768w\" sizes=\"(max-width: 523px) 100vw, 523px\" \/><\/p>\n<p>&nbsp;<\/p>\n<p>*** Luto en Colores es un proyecto autofinanciado, no cuenta con subvenciones. S\u00ed con aportaciones puntuales por la realizaci\u00f3n de talleres o actividades. Gracias a las aportaciones y donativos podemos darle continuidad. <br \/>Si quieres colaborar y hacer un donativo para apoyar el proyecto:<br \/>*Asociaci\u00f3n C\u00f3mo Lo Cuento \/ Luto en Colores<br \/>N\u00famero de Cuenta:\u00a0ES52 0073 0100 5705 0588 2215<br \/>*<a href=\"https:\/\/www.paypal.com\/donate?hosted_button_id=ZFUTGWYZJ9BCG\" target=\"_blank\" rel=\"noopener\">Paypal<\/a><br \/>Muchas gracias por tu ayuda, gracias por darnos alas.<\/p>","protected":false},"excerpt":{"rendered":"<p>&nbsp; PR\u00d3XIMOS\u00a0TALLERES Y ACTIVIDADES: \u2013 SAN MART\u00cdN DE LA VEGA (Madrid) Charla-merienda &#8216;Gesti\u00f3n emocional y prevenci\u00f3n del suicidio&#8217;. Jueves 19 febrero (17:00). Biblioteca Municipal Dos de Mayo. Organizan: Mancomunidad de Servicios Sociales Las Vegas y Luto en Colores.\u2013\u00a0Taller ONLINE\u00a0&#8216;Vivir un duelo sano&#8217; (dirigido a personas que han perdido a un ser querido, todo tipo de &hellip; <a href=\"https:\/\/www.lutoencolores.org\/index.php\/talleres\/\" class=\"more-link\">Contin\u00faa leyendo <span class=\"screen-reader-text\">Talleres y actividades<\/span><\/a><\/p>\n","protected":false},"author":1,"featured_media":0,"parent":0,"menu_order":0,"comment_status":"closed","ping_status":"closed","template":"","meta":{"footnotes":""},"class_list":["post-11","page","type-page","status-publish","hentry"],"_links":{"self":[{"href":"https:\/\/www.lutoencolores.org\/index.php\/wp-json\/wp\/v2\/pages\/11"}],"collection":[{"href":"https:\/\/www.lutoencolores.org\/index.php\/wp-json\/wp\/v2\/pages"}],"about":[{"href":"https:\/\/www.lutoencolores.org\/index.php\/wp-json\/wp\/v2\/types\/page"}],"author":[{"embeddable":true,"href":"https:\/\/www.lutoencolores.org\/index.php\/wp-json\/wp\/v2\/users\/1"}],"replies":[{"embeddable":true,"href":"https:\/\/www.lutoencolores.org\/index.php\/wp-json\/wp\/v2\/comments?post=11"}],"version-history":[{"count":1033,"href":"https:\/\/www.lutoencolores.org\/index.php\/wp-json\/wp\/v2\/pages\/11\/revisions"}],"predecessor-version":[{"id":4912,"href":"https:\/\/www.lutoencolores.org\/index.php\/wp-json\/wp\/v2\/pages\/11\/revisions\/4912"}],"wp:attachment":[{"href":"https:\/\/www.lutoencolores.org\/index.php\/wp-json\/wp\/v2\/media?parent=11"}],"curies":[{"name":"wp","href":"https:\/\/api.w.org\/{rel}","templated":true}]}}